{"id":14,"date":"2011-08-11T18:42:38","date_gmt":"2011-08-11T18:42:38","guid":{"rendered":"https:\/\/www.anwaltskanzlei-grunert.de\/cms\/?page_id=14"},"modified":"2019-05-24T19:27:54","modified_gmt":"2019-05-24T17:27:54","slug":"impressum","status":"publish","type":"page","link":"https:\/\/www.anwaltskanzlei-grunert.de\/index.php\/impressum\/","title":{"rendered":"Impressum"},"content":{"rendered":"<div><strong>Anwaltskanzlei Grunert<\/strong><\/div>\n<div>Hammerbach 2c<br \/>\nD-83229 Aschau im Chiemgau<br \/>\nTel.: +49 (0) 8052 &#8211; 1786048<br \/>\nFax: +49 (0) 8052 &#8211; 1786049<br \/>\nkontakt@anwaltskanzlei-grunert.de<\/div>\n<div>https:\/\/www.anwaltskanzlei-grunert.de<\/div>\n<p>USt.-Ident.-Nr: DE247638879<\/p>\n<p>Anbieter und inhaltlich Verantwortlicher f\u00fcr die Internetpr\u00e4senz: Dr. Gordon Grunert, LL.M. Eur. (Anschrift wie oben)<\/p>\n<p><strong>Zust\u00e4ndige Aufsichtsbeh\u00f6rde<\/strong><br \/>\nRechtsanwaltskammer f\u00fcr den Oberlandesgerichtsbezirk M\u00fcnchen, Tal 33, D-80331 M\u00fcnchen, <span style=\"color: #333333;\"><a title=\"Rechtsanwaltskammer M\u00fcnchen\" href=\"http:\/\/rak-muenchen.de\/\" target=\"_blank\" rel=\"noopener noreferrer\"><span style=\"color: #333333;\">http:\/\/rak-muenchen.de\/<\/span><\/a><\/span><\/p>\n<p><strong>Berufsbezeichnung<\/strong><br \/>\nRechtsanwalt (verliehen in der Bundesrepublik Deutschland)<\/p>\n<p><strong>Berufsrechtliche Regelungen<\/strong><\/p>\n<p>Bundesrechtsanwaltsordnung (BRAO)<br \/>\nBerufsordnung f\u00fcr Rechtsanw\u00e4lte (BORA)<br \/>\nFachanwaltsordnung (FAO)<br \/>\nBundesgeb\u00fchrenordnung f\u00fcr Rechtsanw\u00e4lte (BRAGO)<br \/>\nRechtsanwaltsverg\u00fctungsgesetz (RVG)<br \/>\nBerufsregelungen der Rechtsanw\u00e4lte der Europ\u00e4ischen Union<br \/>\nDiese und weitere Berufsregelungen finden Sie auf der Seite der Bundesrechtsanwaltskammer <span style=\"color: #333333;\"><a title=\"Bundesrechtsanwaltskammer\" href=\"http:\/\/www.brak.de\/\" target=\"_blank\" rel=\"noopener noreferrer\"><span style=\"color: #333333;\">http:\/\/www.brak.de\/<\/span><\/a>. Die europaweit geltende Berufshaftpflichtversicherung besteht bei der ERGO Versicherung AG, D-40198 D\u00fcsseldorf.<\/span><\/p>\n<p><strong>Rechtliche Hinweise zur Haftung<\/strong><\/p>\n<p>Rechtsanwalt Dr. Grunert ist um Richtigkeit und Aktualit\u00e4t der auf dieser Internet-Pr\u00e4senz bereitgestellten Informationen bem\u00fcht. Dennoch k\u00f6nnen Fehler und Unklarheiten nicht v\u00f6llig ausgeschlossen werden. Rechtsanwalt Dr. Grunert \u00fcbernimmt daher keine Gew\u00e4hr f\u00fcr die Vollst\u00e4ndigkeit, Richtigkeit, Aktualit\u00e4t und\/oder Qualit\u00e4t der bereitgestellten Informationen. F\u00fcr Sch\u00e4den materieller oder immaterieller Art, die durch die Nutzung oder Nichtnutzung der Informationen und\/oder durch die Nutzung fehlerhafter Informationen unmittelbar oder mittelbar verursacht werden, haftet Rechtsanwalt Dr. Grunert nicht, sofern ihm nicht nachweislich vors\u00e4tzliches oder grob fahrl\u00e4ssiges Verschulden zu Last f\u00e4llt. Vorstehendes gilt auch f\u00fcr die kostenlos angebotenen Publikationen. Diese sind unverbindlich und stellen insbesondere keine Rechtsberatung dar; sie sind auch nicht geeignet und\/oder dazu bestimmt, eine ordungsgem\u00e4\u00dfe anwaltliche Rechtsberatung zu ersetzen.<\/p>\n<p><strong>Rechtliche Hinweise zum Urheberrecht<\/strong><\/p>\n<p>Das Layout der Homepage, die verwendeten Grafiken und s\u00e4mtliche sonstigen Inhalte sind urheberrechtlich gesch\u00fctzt.<\/p>\n<p><strong>Datenschutzerkl\u00e4rung<\/strong><\/p>\n<p>Verantwortlich und Datenschutzbeauftragter ist Herr Rechtsanwalt&nbsp;Dr. Gordon Grunert (Kontaktdaten wie vorstehend).<\/p>\n<p>I. Besuch unserer Website<\/p>\n<p>Beim Aufrufen unserer&nbsp;Website werden durch den auf Ihrem Endger\u00e4t zum Einsatz kommenden Browser automatisch Informationen an den Server unserer Website gesendet. Diese Informationen werden tempor\u00e4r in einem sog. Logfile gespeichert. Folgende Informationen werden dabei erfasst und bis zur automatisierten L\u00f6schung gespeichert:<\/p>\n<ul>\n<li>IP-Adresse des anfragenden Rechners,<\/li>\n<li>Datum und Uhrzeit des Zugriffs,<\/li>\n<li>Name und URL der abgerufenen Datei,<\/li>\n<li>Website, von der aus der Zugriff erfolgt (Referrer-URL),<\/li>\n<li>verwendeter Browser und ggf. das Betriebssystem Ihres Rechners sowie der Name Ihres Access-Providers.<\/li>\n<\/ul>\n<p>Die genannten Daten werden durch uns zu folgenden Zwecken verarbeitet:<\/p>\n<ul>\n<li>Gew\u00e4hrleistung eines reibungslosen Verbindungsaufbaus der Website,<\/li>\n<li>Gew\u00e4hrleistung einer komfortablen Nutzung unserer Website,<\/li>\n<li>Auswertung der Systemsicherheit und -stabilit\u00e4t sowie<\/li>\n<li>zu weiteren administrativen Zwecken.<\/li>\n<\/ul>\n<p>Die Rechtsgrundlage f\u00fcr die Datenverarbeitung ist Art.&nbsp;6 Abs.&nbsp;1 S.&nbsp;1 lit.&nbsp;f DSGVO. Unser berechtigtes Interesse folgt aus oben aufgelisteten Zwecken zur Datenerhebung. In keinem Fall verwenden wir die erhobenen Daten zu dem Zweck, R\u00fcckschl\u00fcsse auf Ihre Person zu ziehen.<\/p>\n<p>Wir setzen auf unserer Seite Cookies ein. Hierbei handelt es sich um kleine Dateien, die Ihr Browser automatisch erstellt und die auf Ihrem Endger\u00e4t (Laptop, Tablet, Smartphone o.\u00e4.) gespeichert werden, wenn Sie unsere Seite besuchen. Cookies richten auf Ihrem Endger\u00e4t keinen Schaden an, enthalten keine Viren, Trojaner oder sonstige Schadsoftware.<\/p>\n<p>In dem Cookie werden Informationen abgelegt, die sich jeweils im Zusammenhang mit dem spezifisch eingesetzten Endger\u00e4t ergeben. Dies bedeutet jedoch nicht, dass wir dadurch unmittelbar Kenntnis von Ihrer Identit\u00e4t erhalten.<\/p>\n<p>Der Einsatz von Cookies dient einerseits dazu, die Nutzung unseres Angebots f\u00fcr Sie angenehmer zu gestalten. So setzen wir sogenannte Session-Cookies ein, um zu erkennen, dass Sie einzelne Seiten unserer Website bereits besucht haben. Diese werden nach Verlassen unserer Seite automatisch gel\u00f6scht.<\/p>\n<p>Dar\u00fcber hinaus setzen wir ebenfalls zur Optimierung der Benutzerfreundlichkeit tempor\u00e4re Cookies ein, die f\u00fcr einen bestimmten festgelegten Zeitraum auf Ihrem Endger\u00e4t gespeichert werden. Besuchen Sie unsere Seite erneut, um unsere Dienste in Anspruch zu nehmen, wird automatisch erkannt, dass Sie bereits bei uns waren und welche Eingaben und Einstellungen sie get\u00e4tigt haben, um diese nicht noch einmal eingeben zu m\u00fcssen.<\/p>\n<p>Die durch Cookies verarbeiteten Daten sind f\u00fcr die genannten Zwecke zur Wahrung unserer berechtigten Interessen sowie der Dritter nach Art.&nbsp;6 Abs.&nbsp;1 S.&nbsp;1 lit.&nbsp;f DSGVO erforderlich.<\/p>\n<p>Die meisten Browser akzeptieren Cookies automatisch. Sie k\u00f6nnen Ihren Browser jedoch so konfigurieren, dass keine Cookies auf Ihrem Computer gespeichert werden oder stets ein Hinweis erscheint, bevor ein neuer Cookie angelegt wird. Die vollst\u00e4ndige Deaktivierung von Cookies kann jedoch dazu f\u00fchren, dass Sie nicht alle Funktionen unserer Website nutzen k\u00f6nnen.<\/p>\n<p>II.&nbsp;Nutzung unseres Kontaktformulars<\/p>\n<p>Wenn Sie unser Kontaktformular nutzen,&nbsp;ist die Angabe einer g\u00fcltigen E-Mail-Adresse und Ihres Namens erforderlich, damit wir&nbsp;Ihre&nbsp;Kontaktersuchen&nbsp;beantworten k\u00f6nnen. Weitere Angaben sind freiwillig. Die Datenverarbeitung zum Zwecke der Kontaktaufnahme mit uns erfolgt nach Art.&nbsp;6 Abs.&nbsp;1 S.&nbsp;1 lit.&nbsp;a DSGVO auf Grundlage Ihrer freiwillig erteilten Einwilligung. Die f\u00fcr die Benutzung des Kontaktformulars von uns erhobenen personenbezogenen Daten werden nach Erledigung der von Ihnen gestellten Anfrage automatisch gel\u00f6scht.<\/p>\n<p>III. Datenerhebung im Rahmen eines laufenden Mandats<\/p>\n<p>Die Erhebung und Verarbeitung Ihrer personenbezogenen Daten (insbesondere Name, Vorname,&nbsp;E-Mail-Adresse, Telefon- \/Faxnummer, Anschrift, ggf. Ihr Anliegen)&nbsp;erfolgt ausschlie\u00dflich zur Erf\u00fcllung unserer vorvertraglichen und vertraglichen Pflichten gem\u00e4\u00df Art. 6 Abs. 1b DSGVO, insbesondere zur Erf\u00fcllung unserer anwaltlichen Pflichten im Rahmen des von Ihnen erteilten Mandats. Wir erheben und verarbeiten Ihre Daten auch zur Erf\u00fcllung von rechtlichen Verpflichtungen gem\u00e4\u00df Art. 6 Abs. 1c DSGVO, insbesondere des&nbsp;anwaltlichen Berufsrechts&nbsp;und der Steuergesetze. Verarbeitungszwecke sind z. B. die Sicherstellung umfassender Rechtsberatung gem\u00e4\u00df dem erteilten Mandat und die Erf\u00fcllung von steuerrechtlichen Dokumentationspflichten (z. B. Aufbewahrung von Rechnungen).<\/p>\n<p>Im Rahmen des rechtlich zul\u00e4ssigen vorgenannten Verarbeitungszecks erhalten Dritte nur Zugriff auf Ihre Daten, soweit dies zur Aufrechterhaltung unserer IT-Infrastruktur (Speicherung und Unterhaltung der Website) oder zur Vertragserf\u00fcllung erforderlich ist.<\/p>\n<p>Es findet keine automatisierte Entscheidungsfindung oder Profiling statt. Es werden ausschlie\u00dflich Daten verarbeitet, die wir von Ihnen pers\u00f6nlich erhalten. Wir \u00fcbermitteln keine Daten in Drittstaaten, es sei denn, wir werden hierzu von Ihnen ausdr\u00fccklich beauftragt, z. B. im Rahmen der Anmeldung internationaler Marken.<\/p>\n<p>Die Speicherdauer und die Aufbewahrungsfristen richten sich nach den gesetzlichen Vorschriften (z. B. \u00a7 50 BRAO). Der Rechtsanwalt hat die Handakten f\u00fcr die Dauer von sechs Jahren aufzubewahren. Die Frist beginnt mit Ablauf des Kalenderjahres, in dem der Auftrag beendet wurde. Es k\u00f6nnen sich ggf. l\u00e4ngere Fristen ergeben, z. B. steuerrechtliche Regelfristen (10 Jahre) oder Aufbewahrungspflichten aus Verj\u00e4hrungsrecht (bis zu 30 Jahren).<\/p>\n<p>IV. Ihre Rechte<\/p>\n<p>Sie haben gem\u00e4\u00df Art. 15 DSGVO das Recht, von dem Verantwortlichen eine Best\u00e4tigung dar\u00fcber zu verlangen, ob Sie betreffende personenbezogene Daten verarbeitet werden; ist dies der Fall, so haben Sie ein Recht auf Auskunft \u00fcber diese personenbezogenen Daten und auf folgende Informationen:<\/p>\n<ol>\n<li>die Verarbeitungszwecke;<\/li>\n<li>die Kategorien personenbezogener Daten, die verarbeitet werden;<\/li>\n<li>die Empf\u00e4nger oder Kategorien von Empf\u00e4ngern, gegen\u00fcber denen die personenbezogenen Daten offengelegt worden sind oder noch offengelegt werden, insbesondere bei Empf\u00e4ngern in Drittl\u00e4ndern oder bei internationalen Organisationen;<\/li>\n<li>falls m\u00f6glich die geplante Dauer, f\u00fcr die die personenbezogenen Daten gespeichert werden, oder, falls dies nicht m\u00f6glich ist, die Kriterien f\u00fcr die Festlegung dieser Dauer;<\/li>\n<li>das Bestehen eines Rechts auf Berichtigung (Art. 16 DSGVO) oder L\u00f6schung der Sie betreffenden personenbezogenen Daten (Art. 17 DSGVO) oder auf Einschr\u00e4nkung der Verarbeitung durch den Verantwortlichen (Art. 18 DSGVO) oder eines Widerspruchsrechts gegen diese Verarbeitung (Art. 21 DSGVO);<\/li>\n<li>das Bestehen eines Beschwerderechts bei einer Aufsichtsbeh\u00f6rde (Art. 77 i. V. m. Art. 57 Abs. 2, \u00a7 19 BDSG), in unserem Fall bei dem <a href=\"https:\/\/www.lda.bayern.de\" target=\"_blank\" rel=\"noopener noreferrer\">Bayerischen Landesamt f\u00fcr Datenschutzaufsicht<\/a>;<\/li>\n<li>wenn die personenbezogenen Daten nicht bei der betroffenen Person erhoben werden, alle verf\u00fcgbaren Informationen \u00fcber die Herkunft der Daten;<\/li>\n<li>das Bestehen einer automatisierten Entscheidungsfindung einschlie\u00dflich Profiling gem\u00e4\u00df Artikel 22 Abs\u00e4tze 1 und 4 DSGVO und &#8211; zumindest in diesen F\u00e4llen &#8211; aussagekr\u00e4ftige Informationen \u00fcber die involvierte Logik sowie die Tragweite und die angestrebten Auswirkungen einer derartigen Verarbeitung f\u00fcr die betroffene Person.<\/li>\n<\/ol>\n<p>9. Dar\u00fcber hinaus besteht das Recht auf Daten\u00fcbertragbarkeit (Art. 20 DSGVO) und auf Widerruf erteilter Einwilligungen (Art. 7 Abs. 3 DSGVO). Durch den Widerruf der Einwilligung wird die Rechtm\u00e4\u00dfigkeit der aufgrund der Einwilligung bis zum Widerruf erfolgten Verarbeitung nicht ber\u00fchrt.<\/p>\n<p>10. Sie haben gem\u00e4\u00df Art. 21 DSGVO das Recht, aus Gr\u00fcnden, die sich aus ihrer besonderen Situation ergeben, jederzeit gegen die Verarbeitung sie betreffender personenbezogener Daten, die aufgrund von Artikel 6 Absatz 1 Buchstaben e oder f DSGVO (\u00f6ffentliches Interesse oder berechtigtes Interesse des Verantwortlichen) erfolgt, Widerspruch einzulegen. Wir verarbeiten die personenbezogenen Daten dann nicht mehr, es sei denn, wir k\u00f6nnen zwingende schutzw\u00fcrdige Gr\u00fcnde f\u00fcr die Verarbeitung nachweisen, die Ihre Interessen, Rechte und Freiheiten \u00fcberwiegen, oder die Verarbeitung dient der Geltendmachung, Aus\u00fcbung oder Verteidigung von Rechtsanspr\u00fcchen.<\/p>\n<p>V. Datensicherheit<\/p>\n<p>Wir kommen allen gesetzlichen Anforderungen an&nbsp;die Datensicherheit nach. Hierzu nutzen wir&nbsp;geeignete technische und organisatorische Sicherheitsma\u00dfnahmen, um Ihre Daten gegen zuf\u00e4llige oder vors\u00e4tzliche Manipulationen, teilweisen oder vollst\u00e4ndigen Verlust, Zerst\u00f6rung oder gegen den unbefugten Zugriff Dritter zu sch\u00fctzen. Unsere Sicherheitsma\u00dfnahmen werden entsprechend der technologischen Entwicklung fortlaufend verbessert.<\/p>\n<p>VI. Aktualit\u00e4t und \u00c4nderung dieser Datenschutzerkl\u00e4rung<\/p>\n<p>Diese Datenschutzerkl\u00e4rung ist aktuell g\u00fcltig und hat den Stand&nbsp;M\u00e4rz 2018. Sie bezieht die Anforderungen der Datenschutzgrundverordnung, welche ab 25. Mail 2018 gilt, mit ein.<\/p>\n<p>Durch die Weiterentwicklung unserer Website oder aufgrund ge\u00e4nderter gesetzlicher bzw. beh\u00f6rdlicher Vorgaben kann es notwendig werden, diese Datenschutzerkl\u00e4rung zu \u00e4ndern. Die jeweils aktuelle Datenschutzerkl\u00e4rung kann jederzeit auf der Website von Ihnen abgerufen und ausgedruckt werden.<\/p>\n","protected":false},"excerpt":{"rendered":"<p>Anwaltskanzlei Grunert Hammerbach 2c D-83229 Aschau im Chiemgau Tel.: +49 (0) 8052 &#8211; 1786048 Fax: +49 (0) 8052 &#8211; 1786049 kontakt@anwaltskanzlei-grunert.de https:\/\/www.anwaltskanzlei-grunert.de USt.-Ident.-Nr: DE247638879 Anbieter und inhaltlich Verantwortlicher f\u00fcr die Internetpr\u00e4senz: Dr. Gordon Grunert, LL.M. Eur. (Anschrift wie oben) Zust\u00e4ndige Aufsichtsbeh\u00f6rde Rechtsanwaltskammer f\u00fcr den Oberlandesgerichtsbezirk M\u00fcnchen, Tal 33, D-80331 M\u00fcnchen, http:\/\/rak-muenchen.de\/ Berufsbezeichnung Rechtsanwalt (verliehen in [&hellip;]<\/p>\n","protected":false},"author":1,"featured_media":0,"parent":0,"menu_order":6,"comment_status":"closed","ping_status":"closed","template":"","meta":{"footnotes":""},"class_list":["post-14","page","type-page","status-publish","hentry"],"_links":{"self":[{"href":"https:\/\/www.anwaltskanzlei-grunert.de\/index.php\/wp-json\/wp\/v2\/pages\/14","targetHints":{"allow":["GET"]}}],"collection":[{"href":"https:\/\/www.anwaltskanzlei-grunert.de\/index.php\/wp-json\/wp\/v2\/pages"}],"about":[{"href":"https:\/\/www.anwaltskanzlei-grunert.de\/index.php\/wp-json\/wp\/v2\/types\/page"}],"author":[{"embeddable":true,"href":"https:\/\/www.anwaltskanzlei-grunert.de\/index.php\/wp-json\/wp\/v2\/users\/1"}],"replies":[{"embeddable":true,"href":"https:\/\/www.anwaltskanzlei-grunert.de\/index.php\/wp-json\/wp\/v2\/comments?post=14"}],"version-history":[{"count":20,"href":"https:\/\/www.anwaltskanzlei-grunert.de\/index.php\/wp-json\/wp\/v2\/pages\/14\/revisions"}],"predecessor-version":[{"id":795,"href":"https:\/\/www.anwaltskanzlei-grunert.de\/index.php\/wp-json\/wp\/v2\/pages\/14\/revisions\/795"}],"wp:attachment":[{"href":"https:\/\/www.anwaltskanzlei-grunert.de\/index.php\/wp-json\/wp\/v2\/media?parent=14"}],"curies":[{"name":"wp","href":"https:\/\/api.w.org\/{rel}","templated":true}]}}